{"id":478,"date":"2018-04-03T11:56:33","date_gmt":"2018-04-03T14:56:33","guid":{"rendered":"http:\/\/uspt.edu.ar\/web\/?page_id=478"},"modified":"2019-04-05T13:10:03","modified_gmt":"2019-04-05T16:10:03","slug":"instituto-de-estudios-sociales-politica-y-cultura","status":"publish","type":"page","link":"https:\/\/uspt.edu.ar\/web\/institucional\/institutos\/instituto-de-estudios-sociales-politica-y-cultura\/","title":{"rendered":"Instituto de Estudios Sociales, Pol\u00edtica y Cultura"},"content":{"rendered":"\n<h1>Instituto de Estudios Sociales, Pol\u00edtica y Cultura<\/h1>\n<p><strong>Directora:<\/strong>\u00a0Dra. In\u00e9s Yam\u00fass \u2013\u00a0iyamuss@uspt.edu.ar<br \/>\n<strong>Secretario:<\/strong> Patricia Paz \u2013 ppaz@uspt.edu.ar<br \/>\n<strong>Horario de atenci\u00f3n:<\/strong>\u00a0Lunes a Viernes, de 14 a 20 hs.<br \/>\n<strong>Ubicaci\u00f3n del Instituto:<\/strong>\u00a0Edificio Juan Lonac, Campus Universidad de San Pablo \u2013 T<br \/>\n<strong>Tel\u00e9fono:<\/strong>\u00a054-381-4530630 int. 108<\/p>\n<p><strong>Misi\u00f3n<\/strong><\/p>\n<p>Fortalecer la capacidad de investigaci\u00f3n en ciencias sociales, pol\u00edticas y de promoci\u00f3n y desarrollo de la cultura, en particular, en la regi\u00f3n Andina.<\/p>\n<p><strong>Objetivos<\/strong><\/p>\n<ul>\n<li>Contribuir al desarrollo econ\u00f3mico y social de esta regi\u00f3n;<\/li>\n<li>Repensar las relaciones entre el Estado, el mercado y la sociedad civil y el significado de conceptos centrales como el de soberan\u00eda, autodeterminaci\u00f3n; sociedad civil, participaci\u00f3n; democracia y estado de derecho;<\/li>\n<li>Reconocer y analizar el conjunto de elementos de pol\u00edtica p\u00fablica disponibles para los agentes econ\u00f3micos y actores sociales regionales, destinados a la producci\u00f3n y desarrollo de avances tecnol\u00f3gicos, productivos y en la prestaci\u00f3n de servicios<\/li>\n<li>Analizar, en el marco de la integraci\u00f3n andina y bioce\u00e1nica de la Rep\u00fablica Argentina, las oportunidades para las econom\u00edas regionales.<\/li>\n<\/ul>\n<p><strong>\u00c1reas de responsabilidad<\/strong><\/p>\n<ul>\n<li>Estudios sociales y territorio<\/li>\n<li>Estudios econ\u00f3micos, jur\u00eddicos y pol\u00edticos sobre Integraci\u00f3n Regional y Territorialidad<\/li>\n<li>Estudios, pol\u00edtica y gesti\u00f3n de la cultura<\/li>\n<li>Evaluaci\u00f3n econ\u00f3mica, jur\u00eddica, social y cultural de la competitividad empresaria y territorial.<\/li>\n<\/ul>\n<h2>Carreras<\/h2>\n<ul>\n<li><a href=\"http:\/\/uspt.edu.ar\/web\/institucional\/institutos\/instituto-de-estudios-sociales-politica-y-cultura\/licenciatura-en-periodismo\/\">Licenciatura en Periodismo<\/a><\/li>\n<li><a href=\"http:\/\/uspt.edu.ar\/web\/institucional\/institutos\/instituto-de-estudios-sociales-politica-y-cultura\/abogacia\/\">Abogac\u00eda<\/a><\/li>\n<li><a href=\"http:\/\/uspt.edu.ar\/web\/institucional\/institutos\/instituto-de-estudios-sociales-politica-y-cultura\/contador-publico-nacional\/\">Contador P\u00fablico Nacional<\/a><\/li>\n<li><a href=\"http:\/\/uspt.edu.ar\/web\/institucional\/institutos\/instituto-de-estudios-sociales-politica-y-cultura\/ciencia-politica\/\">Ciencia Pol\u00edtica<\/a><\/li>\n<li><a href=\"http:\/\/uspt.edu.ar\/web\/institucional\/institutos\/instituto-de-estudios-sociales-politica-y-cultura\/relaciones-internacionales\/\">Relaciones Internacionales<\/a><\/li>\n<li><a href=\"http:\/\/uspt.edu.ar\/web\/institucional\/institutos\/instituto-de-estudios-sociales-politica-y-cultura\/seguridad-ciudadana\/\">Seguridad Ciudadana<\/a><\/li>\n<li><a href=\"http:\/\/uspt.edu.ar\/web\/institucional\/institutos\/instituto-de-estudios-sociales-politica-y-cultura\/procuracion\/\">Procuraci\u00f3n<\/a><\/li>\n<li><a href=\"http:\/\/uspt.edu.ar\/web\/institucional\/institutos\/instituto-de-estudios-sociales-politica-y-cultura\/ceremonial-protocolo-y-organizacion-de-eventos\/\">Ceremonial, Protocolo y Organizaci\u00f3n de Eventos<\/a><\/li>\n<li><a href=\"http:\/\/uspt.edu.ar\/web\/institucional\/institutos\/instituto-de-estudios-sociales-politica-y-cultura\/corretaje-inmobiliario\/\">Corretaje Inmobiliario<\/a><\/li>\n<\/ul>\n<h2>Staff Docente<\/h2>\n<ul>\n<li>Pr\u00f3ximamente&#8230;<\/li>\n<\/ul>\n","protected":false},"excerpt":{"rendered":"<p>Instituto de Estudios Sociales, Pol\u00edtica y Cultura Directora:\u00a0Dra. In\u00e9s Yam\u00fass \u2013\u00a0iyamuss@uspt.edu.ar Secretario: Patricia Paz \u2013 ppaz@uspt.edu.ar Horario de atenci\u00f3n:\u00a0Lunes a Viernes, de 14 a 20 hs. Ubicaci\u00f3n del Instituto:\u00a0Edificio Juan Lonac, Campus Universidad de San Pablo \u2013 T Tel\u00e9fono:\u00a054-381-4530630 int. 108 Misi\u00f3n Fortalecer la capacidad de investigaci\u00f3n en ciencias sociales, pol\u00edticas y de promoci\u00f3n y &hellip; <\/p>\n<p class=\"link-more\"><a href=\"https:\/\/uspt.edu.ar\/web\/institucional\/institutos\/instituto-de-estudios-sociales-politica-y-cultura\/\" class=\"more-link\">Continuar leyendo<span class=\"screen-reader-text\"> \u00abInstituto de Estudios Sociales, Pol\u00edtica y Cultura\u00bb<\/span><\/a><\/p>\n","protected":false},"author":2,"featured_media":0,"parent":148,"menu_order":0,"comment_status":"closed","ping_status":"closed","template":"","meta":{"_acf_changed":false,"footnotes":""},"class_list":["post-478","page","type-page","status-publish","hentry"],"acf":[],"jetpack_sharing_enabled":true,"jetpack_shortlink":"https:\/\/wp.me\/P9JBoE-7I","jetpack-related-posts":[],"_links":{"self":[{"href":"https:\/\/uspt.edu.ar\/web\/wp-json\/wp\/v2\/pages\/478","targetHints":{"allow":["GET"]}}],"collection":[{"href":"https:\/\/uspt.edu.ar\/web\/wp-json\/wp\/v2\/pages"}],"about":[{"href":"https:\/\/uspt.edu.ar\/web\/wp-json\/wp\/v2\/types\/page"}],"author":[{"embeddable":true,"href":"https:\/\/uspt.edu.ar\/web\/wp-json\/wp\/v2\/users\/2"}],"replies":[{"embeddable":true,"href":"https:\/\/uspt.edu.ar\/web\/wp-json\/wp\/v2\/comments?post=478"}],"version-history":[{"count":2,"href":"https:\/\/uspt.edu.ar\/web\/wp-json\/wp\/v2\/pages\/478\/revisions"}],"predecessor-version":[{"id":1786,"href":"https:\/\/uspt.edu.ar\/web\/wp-json\/wp\/v2\/pages\/478\/revisions\/1786"}],"up":[{"embeddable":true,"href":"https:\/\/uspt.edu.ar\/web\/wp-json\/wp\/v2\/pages\/148"}],"wp:attachment":[{"href":"https:\/\/uspt.edu.ar\/web\/wp-json\/wp\/v2\/media?parent=478"}],"curies":[{"name":"wp","href":"https:\/\/api.w.org\/{rel}","templated":true}]}}