{"id":113,"date":"2018-03-21T08:23:48","date_gmt":"2018-03-21T11:23:48","guid":{"rendered":"http:\/\/uspt.edu.ar\/web\/?page_id=113"},"modified":"2018-05-09T10:56:24","modified_gmt":"2018-05-09T13:56:24","slug":"reserva-san-pablo","status":"publish","type":"page","link":"https:\/\/uspt.edu.ar\/web\/reserva-san-pablo\/","title":{"rendered":"Reserva San Pablo"},"content":{"rendered":"<p>[vc_row full_width=\u00bbstretch_row_content_no_spaces\u00bb][vc_column][\/vc_column][\/vc_row][vc_row][vc_column][vc_column_text]<\/p>\n<h1>Reserva San Pablo<\/h1>\n<h2>Reserva natural y de usos m\u00faltiples San Pablo<\/h2>\n<p>En el 2016, la Universidad de San Pablo T, con motivo de la celebraci\u00f3n del Bicentenario de la declaraci\u00f3n de la Independencia, inaugura la primera reserva a cargo de una universidad privada. La reserva ocupa un territorio de m\u00e1s de 3000 hect\u00e1reas, emplazado desde zonas de la ruta provincial 338 hacia Villa Nougu\u00e9s, Tucum\u00e1n.<\/p>\n<p>Se busca resguardar, para las actuales y futuras generaciones, el patrimonio biol\u00f3gico, paisaj\u00edstico, cultural y arquitect\u00f3nico de los faldeos de la Sierra de San Javier que se yerguen frente a la Universidad de San Pablo T.<\/p>\n<p>La Sierra de San Javier da cobijo a uno de los ecosistemas m\u00e1s representativos de la provincia de Tucum\u00e1n, las Yungas Australes. La reserva se convierte as\u00ed en un aula a cielo abierto destinada a la educaci\u00f3n ambiental e investigaci\u00f3n, pero tambi\u00e9n generando oportunidades de turismo y recreaci\u00f3n. La San Pablo T ha hecho de la restauraci\u00f3n del patrimonio cultural del ex ingenio San Pablo una marca propia. Este af\u00e1n de recuperar nuestra historia y valores, se extiende a nuestra naturaleza, buscando restaurar, recuperar y preservar nuestro patrimonio biol\u00f3gico como parte de las actividades a realizar en la reserva San Pablo.[\/vc_column_text][vc_video link=\u00bbhttps:\/\/youtu.be\/IPavIZM8s0A\u00bb][\/vc_column][\/vc_row]<\/p>\n","protected":false},"excerpt":{"rendered":"<p>[vc_row full_width=\u00bbstretch_row_content_no_spaces\u00bb][vc_column][\/vc_column][\/vc_row][vc_row][vc_column][vc_column_text] Reserva San Pablo Reserva natural y de usos m\u00faltiples San Pablo En el 2016, la Universidad de San Pablo T, con motivo de la celebraci\u00f3n del Bicentenario de la declaraci\u00f3n de la Independencia, inaugura la primera reserva a cargo de una universidad privada. La reserva ocupa un territorio de m\u00e1s de 3000 hect\u00e1reas, &hellip; <\/p>\n<p class=\"link-more\"><a href=\"https:\/\/uspt.edu.ar\/web\/reserva-san-pablo\/\" class=\"more-link\">Continuar leyendo<span class=\"screen-reader-text\"> \u00abReserva San Pablo\u00bb<\/span><\/a><\/p>\n","protected":false},"author":2,"featured_media":0,"parent":0,"menu_order":0,"comment_status":"closed","ping_status":"closed","template":"","meta":{"_acf_changed":false,"footnotes":""},"class_list":["post-113","page","type-page","status-publish","hentry"],"acf":[],"jetpack_sharing_enabled":true,"jetpack_shortlink":"https:\/\/wp.me\/P9JBoE-1P","jetpack-related-posts":[],"_links":{"self":[{"href":"https:\/\/uspt.edu.ar\/web\/wp-json\/wp\/v2\/pages\/113","targetHints":{"allow":["GET"]}}],"collection":[{"href":"https:\/\/uspt.edu.ar\/web\/wp-json\/wp\/v2\/pages"}],"about":[{"href":"https:\/\/uspt.edu.ar\/web\/wp-json\/wp\/v2\/types\/page"}],"author":[{"embeddable":true,"href":"https:\/\/uspt.edu.ar\/web\/wp-json\/wp\/v2\/users\/2"}],"replies":[{"embeddable":true,"href":"https:\/\/uspt.edu.ar\/web\/wp-json\/wp\/v2\/comments?post=113"}],"version-history":[{"count":0,"href":"https:\/\/uspt.edu.ar\/web\/wp-json\/wp\/v2\/pages\/113\/revisions"}],"wp:attachment":[{"href":"https:\/\/uspt.edu.ar\/web\/wp-json\/wp\/v2\/media?parent=113"}],"curies":[{"name":"wp","href":"https:\/\/api.w.org\/{rel}","templated":true}]}}